{"id":1590,"date":"2024-02-29T13:44:36","date_gmt":"2024-02-29T13:44:36","guid":{"rendered":"https:\/\/radio.fcejs.unsl.edu.ar\/?page_id=1590"},"modified":"2025-02-20T10:51:59","modified_gmt":"2025-02-20T13:51:59","slug":"entrevistas","status":"publish","type":"page","link":"https:\/\/radio.fcejs.unsl.edu.ar\/index.php\/entrevistas\/","title":{"rendered":"Entrevistas"},"content":{"rendered":"\t\t<div data-elementor-type=\"wp-page\" data-elementor-id=\"1590\" class=\"elementor elementor-1590\">\n\t\t\t\t\t\t<section class=\"elementor-section elementor-top-section elementor-element elementor-element-152c57d elementor-section-boxed elementor-section-height-default elementor-section-height-default\" data-id=\"152c57d\" data-element_type=\"section\" data-e-type=\"section\" data-settings=\"{&quot;background_background&quot;:&quot;classic&quot;}\">\n\t\t\t\t\t\t<div class=\"elementor-container elementor-column-gap-no\">\n\t\t\t\t\t<div class=\"elementor-column elementor-col-50 elementor-top-column elementor-element elementor-element-03f306c\" data-id=\"03f306c\" data-element_type=\"column\" data-e-type=\"column\">\n\t\t\t<div class=\"elementor-widget-wrap elementor-element-populated\">\n\t\t\t\t\t\t<div class=\"elementor-element elementor-element-a99f4f0 elementor-widget elementor-widget-image\" data-id=\"a99f4f0\" data-element_type=\"widget\" data-e-type=\"widget\" data-widget_type=\"image.default\">\n\t\t\t\t<div class=\"elementor-widget-container\">\n\t\t\t\t\t\t\t\t\t\t\t\t\t\t\t<img decoding=\"async\" width=\"58\" height=\"50\" src=\"https:\/\/radio.fcejs.unsl.edu.ar\/wp-content\/uploads\/2024\/02\/entrevistas-icono.png\" class=\"attachment-large size-large wp-image-1459\" alt=\"\" \/>\t\t\t\t\t\t\t\t\t\t\t\t\t\t\t<\/div>\n\t\t\t\t<\/div>\n\t\t\t\t\t<\/div>\n\t\t<\/div>\n\t\t\t\t<div class=\"elementor-column elementor-col-50 elementor-top-column elementor-element elementor-element-9dd2f8f\" data-id=\"9dd2f8f\" data-element_type=\"column\" data-e-type=\"column\">\n\t\t\t<div class=\"elementor-widget-wrap elementor-element-populated\">\n\t\t\t\t\t\t<div class=\"elementor-element elementor-element-1d7b204 elementor-widget__width-initial elementor-widget elementor-widget-heading\" data-id=\"1d7b204\" data-element_type=\"widget\" data-e-type=\"widget\" data-widget_type=\"heading.default\">\n\t\t\t\t<div class=\"elementor-widget-container\">\n\t\t\t\t\t<h2 class=\"elementor-heading-title elementor-size-default\">Entrevistas<\/h2>\t\t\t\t<\/div>\n\t\t\t\t<\/div>\n\t\t\t\t\t<\/div>\n\t\t<\/div>\n\t\t\t\t\t<\/div>\n\t\t<\/section>\n\t\t\t\t<section class=\"elementor-section elementor-top-section elementor-element elementor-element-2ab04e5 elementor-section-boxed elementor-section-height-default elementor-section-height-default\" data-id=\"2ab04e5\" data-element_type=\"section\" data-e-type=\"section\" data-settings=\"{&quot;background_background&quot;:&quot;classic&quot;}\">\n\t\t\t\t\t\t<div class=\"elementor-container elementor-column-gap-no\">\n\t\t\t\t\t<div class=\"elementor-column elementor-col-100 elementor-top-column elementor-element elementor-element-c3b0ca0\" data-id=\"c3b0ca0\" data-element_type=\"column\" data-e-type=\"column\">\n\t\t\t<div class=\"elementor-widget-wrap elementor-element-populated\">\n\t\t\t\t\t\t<div class=\"elementor-element elementor-element-2fcd251 premium-blog-align-left elementor-widget elementor-widget-premium-addon-blog\" data-id=\"2fcd251\" data-element_type=\"widget\" data-e-type=\"widget\" data-settings=\"{&quot;premium_blog_columns_number&quot;:&quot;100%&quot;,&quot;premium_blog_grid&quot;:&quot;yes&quot;,&quot;premium_blog_layout&quot;:&quot;even&quot;,&quot;premium_blog_columns_number_tablet&quot;:&quot;50%&quot;,&quot;premium_blog_columns_number_mobile&quot;:&quot;100%&quot;}\" data-widget_type=\"premium-addon-blog.default\">\n\t\t\t\t<div class=\"elementor-widget-container\">\n\t\t\t\t\t\n\t\t\n\n\t\t\t\t<div class=\"premium-blog-wrap  premium-blog-even\" data-page=\"1590\">\n\t\t\t\t\t\t\t\t\t<div class=\"premium-blog-post-outer-container\" data-total=\"285\">\n\t\t\t<div class=\"premium-blog-post-container premium-blog-skin-side\">\n\t\t\t\t\t\t\t\t\t<div class=\"premium-blog-thumb-effect-wrapper\">\n\t\t\t\t\t\t<div class=\"premium-blog-thumbnail-container premium-blog-zoomin-effect\">\n\t\t\t\t\t\t\t<img fetchpriority=\"high\" decoding=\"async\" width=\"2560\" height=\"1182\" src=\"https:\/\/radio.fcejs.unsl.edu.ar\/wp-content\/uploads\/2026\/04\/20260427_155658.jpg-scaled.jpeg\" class=\"attachment-full size-full wp-image-3999\" alt=\"\" srcset=\"https:\/\/radio.fcejs.unsl.edu.ar\/wp-content\/uploads\/2026\/04\/20260427_155658.jpg-scaled.jpeg 2560w, https:\/\/radio.fcejs.unsl.edu.ar\/wp-content\/uploads\/2026\/04\/20260427_155658.jpg-300x139.jpeg 300w, https:\/\/radio.fcejs.unsl.edu.ar\/wp-content\/uploads\/2026\/04\/20260427_155658.jpg-1024x473.jpeg 1024w, https:\/\/radio.fcejs.unsl.edu.ar\/wp-content\/uploads\/2026\/04\/20260427_155658.jpg-768x355.jpeg 768w, https:\/\/radio.fcejs.unsl.edu.ar\/wp-content\/uploads\/2026\/04\/20260427_155658.jpg-1536x709.jpeg 1536w, https:\/\/radio.fcejs.unsl.edu.ar\/wp-content\/uploads\/2026\/04\/20260427_155658.jpg-2048x946.jpeg 2048w\" sizes=\"(max-width: 2560px) 100vw, 2560px\" \/>\t\t\t\t\t\t<\/div>\n\t\t\t\t\t\t\t\t\t\t\t\t\t<div class=\"premium-blog-thumbnail-overlay\">\n\t\t\t\t\t\t\t\t<a class=\"elementor-icon\" href=\"https:\/\/radio.fcejs.unsl.edu.ar\/index.php\/tesoros-a-ras-del-suelo-el-libro-que-revela-la-belleza-oculta-de-la-flora-puntana\/\" target=\"_self\"><\/a>\n\t\t\t\t\t\t\t<\/div>\n\n\t\t\t\t\t\t\t\t\t\t\t\t\t\t\t\t\t\t<\/div>\n\t\t\t\t\t\t\t\t\t\t\t\t<div class=\"premium-blog-content-wrapper \">\n\n\t\t\t\t\t<div class=\"premium-blog-inner-container\">\n\n\t\t\t\t\t\t\t\t\t\t\t\t\t\t<h2 class=\"premium-blog-entry-title\">\n\t\t\t<a href=\"https:\/\/radio.fcejs.unsl.edu.ar\/index.php\/tesoros-a-ras-del-suelo-el-libro-que-revela-la-belleza-oculta-de-la-flora-puntana\/\" target=\"_self\">\n\t\t\t\tTesoros a ras del suelo: El libro que revela la belleza oculta de la flora puntana\t\t\t<\/a>\n\t\t<\/h2>\n\t\t\t\t<div class=\"premium-blog-entry-meta\">\n\t\t\t\n\t\t\t\n\t\t\t\n\t\t\t\t\t<\/div>\n\t\t\n\t\t\t\t\t<\/div>\n\n\t\t\t\t\t\t\t<div class=\"premium-blog-content-inner-wrapper\">\n\t\t<p class=\"premium-blog-post-content\">\u00bfAlguna vez te detuviste a observar las peque\u00f1as flores que crecen al costado del camino en San Jos\u00e9 del Morro? Lo que muchos llaman &#8220;maleza&#8221;, para las ingenieras agr\u00f3nomas Mirta G\u00f3mez y Zunilda Furlan, es un patrimonio natural invaluable que merece ser protegido. En una charla imperdible, las autoras de<\/p><div class=\"premium-blog-excerpt-link-wrap\"><a href=\"https:\/\/radio.fcejs.unsl.edu.ar\/index.php\/tesoros-a-ras-del-suelo-el-libro-que-revela-la-belleza-oculta-de-la-flora-puntana\/\" target=\"_self\" class=\"premium-blog-excerpt-link elementor-button\">Escuchar la entrevista \u00bb<\/a><\/div>\t\t<\/div>\n\t\t\t\t\t\t\t\n\t\t\t\t<\/div>\n\t\t\t<\/div>\n\t\t<\/div>\n\n\t\t\t\t\t\t\t<\/div>\n\n\t\t\n\t\t\n\t\t\t\t\t\t<\/div>\n\t\t\t\t<\/div>\n\t\t\t\t\t<\/div>\n\t\t<\/div>\n\t\t\t\t\t<\/div>\n\t\t<\/section>\n\t\t\t\t<section class=\"elementor-section elementor-top-section elementor-element elementor-element-4a50f8b elementor-section-boxed elementor-section-height-default elementor-section-height-default\" data-id=\"4a50f8b\" data-element_type=\"section\" data-e-type=\"section\" data-settings=\"{&quot;background_background&quot;:&quot;classic&quot;}\">\n\t\t\t\t\t\t<div class=\"elementor-container elementor-column-gap-no\">\n\t\t\t\t\t<div class=\"elementor-column elementor-col-50 elementor-top-column elementor-element elementor-element-3c60a3f\" data-id=\"3c60a3f\" data-element_type=\"column\" data-e-type=\"column\">\n\t\t\t<div class=\"elementor-widget-wrap elementor-element-populated\">\n\t\t\t\t\t\t<div class=\"elementor-element elementor-element-c4956e7 premium-blog-align-left elementor-widget elementor-widget-premium-addon-blog\" data-id=\"c4956e7\" data-element_type=\"widget\" data-e-type=\"widget\" data-settings=\"{&quot;premium_blog_columns_number&quot;:&quot;33.33%&quot;,&quot;premium_blog_grid&quot;:&quot;yes&quot;,&quot;premium_blog_layout&quot;:&quot;even&quot;,&quot;premium_blog_columns_number_tablet&quot;:&quot;50%&quot;,&quot;premium_blog_columns_number_mobile&quot;:&quot;100%&quot;}\" data-widget_type=\"premium-addon-blog.default\">\n\t\t\t\t<div class=\"elementor-widget-container\">\n\t\t\t\t\t\n\t\t\n\n\t\t\t\t<div class=\"premium-blog-wrap  premium-blog-even\" data-page=\"1590\">\n\t\t\t\t\t\t\t\t\t<div class=\"premium-blog-post-outer-container\" data-total=\"24\">\n\t\t\t<div class=\"premium-blog-post-container premium-blog-skin-classic\">\n\t\t\t\t\t\t\t\t\t<div class=\"premium-blog-thumb-effect-wrapper\">\n\t\t\t\t\t\t<div class=\"premium-blog-thumbnail-container premium-blog-zoomin-effect\">\n\t\t\t\t\t\t\t<img decoding=\"async\" width=\"2560\" height=\"1182\" src=\"https:\/\/radio.fcejs.unsl.edu.ar\/wp-content\/uploads\/2026\/04\/Docentes-Balmaceda-y-Pacheco-scaled.jpg\" class=\"attachment-full size-full wp-image-3991\" alt=\"\" srcset=\"https:\/\/radio.fcejs.unsl.edu.ar\/wp-content\/uploads\/2026\/04\/Docentes-Balmaceda-y-Pacheco-scaled.jpg 2560w, https:\/\/radio.fcejs.unsl.edu.ar\/wp-content\/uploads\/2026\/04\/Docentes-Balmaceda-y-Pacheco-300x139.jpg 300w, https:\/\/radio.fcejs.unsl.edu.ar\/wp-content\/uploads\/2026\/04\/Docentes-Balmaceda-y-Pacheco-1024x473.jpg 1024w, https:\/\/radio.fcejs.unsl.edu.ar\/wp-content\/uploads\/2026\/04\/Docentes-Balmaceda-y-Pacheco-768x355.jpg 768w, https:\/\/radio.fcejs.unsl.edu.ar\/wp-content\/uploads\/2026\/04\/Docentes-Balmaceda-y-Pacheco-1536x709.jpg 1536w, https:\/\/radio.fcejs.unsl.edu.ar\/wp-content\/uploads\/2026\/04\/Docentes-Balmaceda-y-Pacheco-2048x946.jpg 2048w\" sizes=\"(max-width: 2560px) 100vw, 2560px\" \/>\t\t\t\t\t\t<\/div>\n\t\t\t\t\t\t\t\t\t\t\t\t\t<div class=\"premium-blog-thumbnail-overlay\">\n\t\t\t\t\t\t\t\t<a class=\"elementor-icon\" href=\"https:\/\/radio.fcejs.unsl.edu.ar\/index.php\/el-poder-transformador-del-intercambio-academico-global-el-dr-elias-escobedo-pacheco-visito-la-unsl\/\" target=\"_self\"><\/a>\n\t\t\t\t\t\t\t<\/div>\n\n\t\t\t\t\t\t\t\t\t\t\t\t\t\t\t\t\t\t<\/div>\n\t\t\t\t\t\t\t\t\t\t\t\t<div class=\"premium-blog-content-wrapper \">\n\n\t\t\t\t\t<div class=\"premium-blog-inner-container\">\n\n\t\t\t\t\t\t\t\t\t\t\t\t\t\t<h2 class=\"premium-blog-entry-title\">\n\t\t\t<a href=\"https:\/\/radio.fcejs.unsl.edu.ar\/index.php\/el-poder-transformador-del-intercambio-academico-global-el-dr-elias-escobedo-pacheco-visito-la-unsl\/\" target=\"_self\">\n\t\t\t\tCooperaci\u00f3n sin fronteras: visita internacional potencia la investigaci\u00f3n en la FICA\t\t\t<\/a>\n\t\t<\/h2>\n\t\t\t\t<div class=\"premium-blog-entry-meta\">\n\t\t\t\n\t\t\t\n\t\t\t\n\t\t\t\t\t<\/div>\n\t\t\n\t\t\t\t\t<\/div>\n\n\t\t\t\t\t\t\t\t\t\t\n\t\t\t\t<\/div>\n\t\t\t<\/div>\n\t\t<\/div>\n\n\t\t\t\t<div class=\"premium-blog-post-outer-container\" data-total=\"24\">\n\t\t\t<div class=\"premium-blog-post-container premium-blog-skin-classic\">\n\t\t\t\t\t\t\t\t\t<div class=\"premium-blog-thumb-effect-wrapper\">\n\t\t\t\t\t\t<div class=\"premium-blog-thumbnail-container premium-blog-zoomin-effect\">\n\t\t\t\t\t\t\t<img loading=\"lazy\" decoding=\"async\" width=\"1100\" height=\"733\" src=\"https:\/\/radio.fcejs.unsl.edu.ar\/wp-content\/uploads\/2026\/04\/WhatsApp-Image-2026-04-16-at-13.39.57.jpeg\" class=\"attachment-full size-full wp-image-3977\" alt=\"\" srcset=\"https:\/\/radio.fcejs.unsl.edu.ar\/wp-content\/uploads\/2026\/04\/WhatsApp-Image-2026-04-16-at-13.39.57.jpeg 1100w, https:\/\/radio.fcejs.unsl.edu.ar\/wp-content\/uploads\/2026\/04\/WhatsApp-Image-2026-04-16-at-13.39.57-300x200.jpeg 300w, https:\/\/radio.fcejs.unsl.edu.ar\/wp-content\/uploads\/2026\/04\/WhatsApp-Image-2026-04-16-at-13.39.57-1024x682.jpeg 1024w, https:\/\/radio.fcejs.unsl.edu.ar\/wp-content\/uploads\/2026\/04\/WhatsApp-Image-2026-04-16-at-13.39.57-768x512.jpeg 768w\" sizes=\"(max-width: 1100px) 100vw, 1100px\" \/>\t\t\t\t\t\t<\/div>\n\t\t\t\t\t\t\t\t\t\t\t\t\t<div class=\"premium-blog-thumbnail-overlay\">\n\t\t\t\t\t\t\t\t<a class=\"elementor-icon\" href=\"https:\/\/radio.fcejs.unsl.edu.ar\/index.php\/villa-mercedes-universidades-se-sumaron-al-reclamo-por-financiamiento-con-clases-publicas\/\" target=\"_self\"><\/a>\n\t\t\t\t\t\t\t<\/div>\n\n\t\t\t\t\t\t\t\t\t\t\t\t\t\t\t\t\t\t<\/div>\n\t\t\t\t\t\t\t\t\t\t\t\t<div class=\"premium-blog-content-wrapper \">\n\n\t\t\t\t\t<div class=\"premium-blog-inner-container\">\n\n\t\t\t\t\t\t\t\t\t\t\t\t\t\t<h2 class=\"premium-blog-entry-title\">\n\t\t\t<a href=\"https:\/\/radio.fcejs.unsl.edu.ar\/index.php\/villa-mercedes-universidades-se-sumaron-al-reclamo-por-financiamiento-con-clases-publicas\/\" target=\"_self\">\n\t\t\t\tVilla Mercedes: universidades se sumaron al reclamo por financiamiento con clases p\u00fablicas\t\t\t<\/a>\n\t\t<\/h2>\n\t\t\t\t<div class=\"premium-blog-entry-meta\">\n\t\t\t\n\t\t\t\n\t\t\t\n\t\t\t\t\t<\/div>\n\t\t\n\t\t\t\t\t<\/div>\n\n\t\t\t\t\t\t\t\t\t\t\n\t\t\t\t<\/div>\n\t\t\t<\/div>\n\t\t<\/div>\n\n\t\t\t\t<div class=\"premium-blog-post-outer-container\" data-total=\"24\">\n\t\t\t<div class=\"premium-blog-post-container premium-blog-skin-classic\">\n\t\t\t\t\t\t\t\t\t<div class=\"premium-blog-thumb-effect-wrapper\">\n\t\t\t\t\t\t<div class=\"premium-blog-thumbnail-container premium-blog-zoomin-effect\">\n\t\t\t\t\t\t\t<img loading=\"lazy\" decoding=\"async\" width=\"2560\" height=\"1182\" src=\"https:\/\/radio.fcejs.unsl.edu.ar\/wp-content\/uploads\/2026\/04\/Patricia-y-Waldo-1-scaled.jpeg\" class=\"attachment-full size-full wp-image-3966\" alt=\"\" srcset=\"https:\/\/radio.fcejs.unsl.edu.ar\/wp-content\/uploads\/2026\/04\/Patricia-y-Waldo-1-scaled.jpeg 2560w, https:\/\/radio.fcejs.unsl.edu.ar\/wp-content\/uploads\/2026\/04\/Patricia-y-Waldo-1-300x139.jpeg 300w, https:\/\/radio.fcejs.unsl.edu.ar\/wp-content\/uploads\/2026\/04\/Patricia-y-Waldo-1-1024x473.jpeg 1024w, https:\/\/radio.fcejs.unsl.edu.ar\/wp-content\/uploads\/2026\/04\/Patricia-y-Waldo-1-768x355.jpeg 768w, https:\/\/radio.fcejs.unsl.edu.ar\/wp-content\/uploads\/2026\/04\/Patricia-y-Waldo-1-1536x709.jpeg 1536w, https:\/\/radio.fcejs.unsl.edu.ar\/wp-content\/uploads\/2026\/04\/Patricia-y-Waldo-1-2048x946.jpeg 2048w\" sizes=\"(max-width: 2560px) 100vw, 2560px\" \/>\t\t\t\t\t\t<\/div>\n\t\t\t\t\t\t\t\t\t\t\t\t\t<div class=\"premium-blog-thumbnail-overlay\">\n\t\t\t\t\t\t\t\t<a class=\"elementor-icon\" href=\"https:\/\/radio.fcejs.unsl.edu.ar\/index.php\/egresar-fica-un-puente-hacia-el-titulo-para-estudiantes-avanzados\/\" target=\"_self\"><\/a>\n\t\t\t\t\t\t\t<\/div>\n\n\t\t\t\t\t\t\t\t\t\t\t\t\t\t\t\t\t\t<\/div>\n\t\t\t\t\t\t\t\t\t\t\t\t<div class=\"premium-blog-content-wrapper \">\n\n\t\t\t\t\t<div class=\"premium-blog-inner-container\">\n\n\t\t\t\t\t\t\t\t\t\t\t\t\t\t<h2 class=\"premium-blog-entry-title\">\n\t\t\t<a href=\"https:\/\/radio.fcejs.unsl.edu.ar\/index.php\/egresar-fica-un-puente-hacia-el-titulo-para-estudiantes-avanzados\/\" target=\"_self\">\n\t\t\t\tEGRESAR FICA: Un puente hacia el t\u00edtulo para estudiantes avanzados\t\t\t<\/a>\n\t\t<\/h2>\n\t\t\t\t<div class=\"premium-blog-entry-meta\">\n\t\t\t\n\t\t\t\n\t\t\t\n\t\t\t\t\t<\/div>\n\t\t\n\t\t\t\t\t<\/div>\n\n\t\t\t\t\t\t\t\t\t\t\n\t\t\t\t<\/div>\n\t\t\t<\/div>\n\t\t<\/div>\n\n\t\t\t\t<div class=\"premium-blog-post-outer-container\" data-total=\"24\">\n\t\t\t<div class=\"premium-blog-post-container premium-blog-skin-classic\">\n\t\t\t\t\t\t\t\t\t<div class=\"premium-blog-thumb-effect-wrapper\">\n\t\t\t\t\t\t<div class=\"premium-blog-thumbnail-container premium-blog-zoomin-effect\">\n\t\t\t\t\t\t\t<img loading=\"lazy\" decoding=\"async\" width=\"2560\" height=\"1707\" src=\"https:\/\/radio.fcejs.unsl.edu.ar\/wp-content\/uploads\/2026\/04\/Mariela-Quiroga-PFAV_San-Luis-scaled.jpg\" class=\"attachment-full size-full wp-image-3927\" alt=\"\" srcset=\"https:\/\/radio.fcejs.unsl.edu.ar\/wp-content\/uploads\/2026\/04\/Mariela-Quiroga-PFAV_San-Luis-scaled.jpg 2560w, https:\/\/radio.fcejs.unsl.edu.ar\/wp-content\/uploads\/2026\/04\/Mariela-Quiroga-PFAV_San-Luis-300x200.jpg 300w, https:\/\/radio.fcejs.unsl.edu.ar\/wp-content\/uploads\/2026\/04\/Mariela-Quiroga-PFAV_San-Luis-1024x683.jpg 1024w, https:\/\/radio.fcejs.unsl.edu.ar\/wp-content\/uploads\/2026\/04\/Mariela-Quiroga-PFAV_San-Luis-768x512.jpg 768w, https:\/\/radio.fcejs.unsl.edu.ar\/wp-content\/uploads\/2026\/04\/Mariela-Quiroga-PFAV_San-Luis-1536x1024.jpg 1536w, https:\/\/radio.fcejs.unsl.edu.ar\/wp-content\/uploads\/2026\/04\/Mariela-Quiroga-PFAV_San-Luis-2048x1365.jpg 2048w\" sizes=\"(max-width: 2560px) 100vw, 2560px\" \/>\t\t\t\t\t\t<\/div>\n\t\t\t\t\t\t\t\t\t\t\t\t\t<div class=\"premium-blog-thumbnail-overlay\">\n\t\t\t\t\t\t\t\t<a class=\"elementor-icon\" href=\"https:\/\/radio.fcejs.unsl.edu.ar\/index.php\/san-luis-y-unsl-en-la-cumbre-vitivinicola-nacional\/\" target=\"_self\"><\/a>\n\t\t\t\t\t\t\t<\/div>\n\n\t\t\t\t\t\t\t\t\t\t\t\t\t\t\t\t\t\t<\/div>\n\t\t\t\t\t\t\t\t\t\t\t\t<div class=\"premium-blog-content-wrapper \">\n\n\t\t\t\t\t<div class=\"premium-blog-inner-container\">\n\n\t\t\t\t\t\t\t\t\t\t\t\t\t\t<h2 class=\"premium-blog-entry-title\">\n\t\t\t<a href=\"https:\/\/radio.fcejs.unsl.edu.ar\/index.php\/san-luis-y-unsl-en-la-cumbre-vitivinicola-nacional\/\" target=\"_self\">\n\t\t\t\tSan Luis y la UNSL en la cumbre vitivin\u00edcola nacional: La Dra. Mariela Quiroga, representante acad\u00e9mica ante el CFI y COVIAR\t\t\t<\/a>\n\t\t<\/h2>\n\t\t\t\t<div class=\"premium-blog-entry-meta\">\n\t\t\t\n\t\t\t\n\t\t\t\n\t\t\t\t\t<\/div>\n\t\t\n\t\t\t\t\t<\/div>\n\n\t\t\t\t\t\t\t\t\t\t\n\t\t\t\t<\/div>\n\t\t\t<\/div>\n\t\t<\/div>\n\n\t\t\t\t<div class=\"premium-blog-post-outer-container\" data-total=\"24\">\n\t\t\t<div class=\"premium-blog-post-container premium-blog-skin-classic\">\n\t\t\t\t\t\t\t\t\t<div class=\"premium-blog-thumb-effect-wrapper\">\n\t\t\t\t\t\t<div class=\"premium-blog-thumbnail-container premium-blog-zoomin-effect\">\n\t\t\t\t\t\t\t<img loading=\"lazy\" decoding=\"async\" width=\"1152\" height=\"647\" src=\"https:\/\/radio.fcejs.unsl.edu.ar\/wp-content\/uploads\/2026\/03\/dpto-alumnos.jpg\" class=\"attachment-full size-full wp-image-3910\" alt=\"\" srcset=\"https:\/\/radio.fcejs.unsl.edu.ar\/wp-content\/uploads\/2026\/03\/dpto-alumnos.jpg 1152w, https:\/\/radio.fcejs.unsl.edu.ar\/wp-content\/uploads\/2026\/03\/dpto-alumnos-300x168.jpg 300w, https:\/\/radio.fcejs.unsl.edu.ar\/wp-content\/uploads\/2026\/03\/dpto-alumnos-1024x575.jpg 1024w, https:\/\/radio.fcejs.unsl.edu.ar\/wp-content\/uploads\/2026\/03\/dpto-alumnos-768x431.jpg 768w\" sizes=\"(max-width: 1152px) 100vw, 1152px\" \/>\t\t\t\t\t\t<\/div>\n\t\t\t\t\t\t\t\t\t\t\t\t\t<div class=\"premium-blog-thumbnail-overlay\">\n\t\t\t\t\t\t\t\t<a class=\"elementor-icon\" href=\"https:\/\/radio.fcejs.unsl.edu.ar\/index.php\/extienden-el-plazo-de-inscripcion-para-mayores-de-25-anos-que-quieran-ingresar-a-la-universidad-sin-secundario-completo\/\" target=\"_self\"><\/a>\n\t\t\t\t\t\t\t<\/div>\n\n\t\t\t\t\t\t\t\t\t\t\t\t\t\t\t\t\t\t<\/div>\n\t\t\t\t\t\t\t\t\t\t\t\t<div class=\"premium-blog-content-wrapper \">\n\n\t\t\t\t\t<div class=\"premium-blog-inner-container\">\n\n\t\t\t\t\t\t\t\t\t\t\t\t\t\t<h2 class=\"premium-blog-entry-title\">\n\t\t\t<a href=\"https:\/\/radio.fcejs.unsl.edu.ar\/index.php\/extienden-el-plazo-de-inscripcion-para-mayores-de-25-anos-que-quieran-ingresar-a-la-universidad-sin-secundario-completo\/\" target=\"_self\">\n\t\t\t\tExtienden el plazo de inscripci\u00f3n para mayores de 25 a\u00f1os que quieran ingresar a la universidad sin secundario completo\t\t\t<\/a>\n\t\t<\/h2>\n\t\t\t\t<div class=\"premium-blog-entry-meta\">\n\t\t\t\n\t\t\t\n\t\t\t\n\t\t\t\t\t<\/div>\n\t\t\n\t\t\t\t\t<\/div>\n\n\t\t\t\t\t\t\t\t\t\t\n\t\t\t\t<\/div>\n\t\t\t<\/div>\n\t\t<\/div>\n\n\t\t\t\t<div class=\"premium-blog-post-outer-container\" data-total=\"24\">\n\t\t\t<div class=\"premium-blog-post-container premium-blog-skin-classic\">\n\t\t\t\t\t\t\t\t\t<div class=\"premium-blog-thumb-effect-wrapper\">\n\t\t\t\t\t\t<div class=\"premium-blog-thumbnail-container premium-blog-zoomin-effect\">\n\t\t\t\t\t\t\t<img loading=\"lazy\" decoding=\"async\" width=\"706\" height=\"500\" src=\"https:\/\/radio.fcejs.unsl.edu.ar\/wp-content\/uploads\/2026\/03\/ad.jpg\" class=\"attachment-full size-full wp-image-3905\" alt=\"\" srcset=\"https:\/\/radio.fcejs.unsl.edu.ar\/wp-content\/uploads\/2026\/03\/ad.jpg 706w, https:\/\/radio.fcejs.unsl.edu.ar\/wp-content\/uploads\/2026\/03\/ad-300x212.jpg 300w\" sizes=\"(max-width: 706px) 100vw, 706px\" \/>\t\t\t\t\t\t<\/div>\n\t\t\t\t\t\t\t\t\t\t\t\t\t<div class=\"premium-blog-thumbnail-overlay\">\n\t\t\t\t\t\t\t\t<a class=\"elementor-icon\" href=\"https:\/\/radio.fcejs.unsl.edu.ar\/index.php\/convocan-a-profesionales-de-villa-mercedes-a-participar-de-un-boletin-informativo-interdisciplinario\/\" target=\"_self\"><\/a>\n\t\t\t\t\t\t\t<\/div>\n\n\t\t\t\t\t\t\t\t\t\t\t\t\t\t\t\t\t\t<\/div>\n\t\t\t\t\t\t\t\t\t\t\t\t<div class=\"premium-blog-content-wrapper \">\n\n\t\t\t\t\t<div class=\"premium-blog-inner-container\">\n\n\t\t\t\t\t\t\t\t\t\t\t\t\t\t<h2 class=\"premium-blog-entry-title\">\n\t\t\t<a href=\"https:\/\/radio.fcejs.unsl.edu.ar\/index.php\/convocan-a-profesionales-de-villa-mercedes-a-participar-de-un-boletin-informativo-interdisciplinario\/\" target=\"_self\">\n\t\t\t\tConvocan a profesionales de Villa Mercedes a participar de un bolet\u00edn informativo interdisciplinario\t\t\t<\/a>\n\t\t<\/h2>\n\t\t\t\t<div class=\"premium-blog-entry-meta\">\n\t\t\t\n\t\t\t\n\t\t\t\n\t\t\t\t\t<\/div>\n\t\t\n\t\t\t\t\t<\/div>\n\n\t\t\t\t\t\t\t\t\t\t\n\t\t\t\t<\/div>\n\t\t\t<\/div>\n\t\t<\/div>\n\n\t\t\t\t<div class=\"premium-blog-post-outer-container\" data-total=\"24\">\n\t\t\t<div class=\"premium-blog-post-container premium-blog-skin-classic\">\n\t\t\t\t\t\t\t\t\t<div class=\"premium-blog-thumb-effect-wrapper\">\n\t\t\t\t\t\t<div class=\"premium-blog-thumbnail-container premium-blog-zoomin-effect\">\n\t\t\t\t\t\t\t<img loading=\"lazy\" decoding=\"async\" width=\"1034\" height=\"584\" src=\"https:\/\/radio.fcejs.unsl.edu.ar\/wp-content\/uploads\/2026\/03\/Sin-titulo-1.jpg\" class=\"attachment-full size-full wp-image-3902\" alt=\"\" srcset=\"https:\/\/radio.fcejs.unsl.edu.ar\/wp-content\/uploads\/2026\/03\/Sin-titulo-1.jpg 1034w, https:\/\/radio.fcejs.unsl.edu.ar\/wp-content\/uploads\/2026\/03\/Sin-titulo-1-300x169.jpg 300w, https:\/\/radio.fcejs.unsl.edu.ar\/wp-content\/uploads\/2026\/03\/Sin-titulo-1-1024x578.jpg 1024w, https:\/\/radio.fcejs.unsl.edu.ar\/wp-content\/uploads\/2026\/03\/Sin-titulo-1-768x434.jpg 768w\" sizes=\"(max-width: 1034px) 100vw, 1034px\" \/>\t\t\t\t\t\t<\/div>\n\t\t\t\t\t\t\t\t\t\t\t\t\t<div class=\"premium-blog-thumbnail-overlay\">\n\t\t\t\t\t\t\t\t<a class=\"elementor-icon\" href=\"https:\/\/radio.fcejs.unsl.edu.ar\/index.php\/onu-argentina-israel-y-ee-uu-rechazan-declaracion-de-esclavitud-como-crimen-mas-grave\/\" target=\"_self\"><\/a>\n\t\t\t\t\t\t\t<\/div>\n\n\t\t\t\t\t\t\t\t\t\t\t\t\t\t\t\t\t\t<\/div>\n\t\t\t\t\t\t\t\t\t\t\t\t<div class=\"premium-blog-content-wrapper \">\n\n\t\t\t\t\t<div class=\"premium-blog-inner-container\">\n\n\t\t\t\t\t\t\t\t\t\t\t\t\t\t<h2 class=\"premium-blog-entry-title\">\n\t\t\t<a href=\"https:\/\/radio.fcejs.unsl.edu.ar\/index.php\/onu-argentina-israel-y-ee-uu-rechazan-declaracion-de-esclavitud-como-crimen-mas-grave\/\" target=\"_self\">\n\t\t\t\tONU: Argentina, Israel y EE.UU., rechazan declaraci\u00f3n de esclavitud como crimen m\u00e1s grave\t\t\t<\/a>\n\t\t<\/h2>\n\t\t\t\t<div class=\"premium-blog-entry-meta\">\n\t\t\t\n\t\t\t\n\t\t\t\n\t\t\t\t\t<\/div>\n\t\t\n\t\t\t\t\t<\/div>\n\n\t\t\t\t\t\t\t\t\t\t\n\t\t\t\t<\/div>\n\t\t\t<\/div>\n\t\t<\/div>\n\n\t\t\t\t<div class=\"premium-blog-post-outer-container\" data-total=\"24\">\n\t\t\t<div class=\"premium-blog-post-container premium-blog-skin-classic\">\n\t\t\t\t\t\t\t\t\t<div class=\"premium-blog-thumb-effect-wrapper\">\n\t\t\t\t\t\t<div class=\"premium-blog-thumbnail-container premium-blog-zoomin-effect\">\n\t\t\t\t\t\t\t<img loading=\"lazy\" decoding=\"async\" width=\"2560\" height=\"1182\" src=\"https:\/\/radio.fcejs.unsl.edu.ar\/wp-content\/uploads\/2026\/03\/Cecilia-Aguirre-Celiz-scaled.jpeg\" class=\"attachment-full size-full wp-image-3897\" alt=\"\" srcset=\"https:\/\/radio.fcejs.unsl.edu.ar\/wp-content\/uploads\/2026\/03\/Cecilia-Aguirre-Celiz-scaled.jpeg 2560w, https:\/\/radio.fcejs.unsl.edu.ar\/wp-content\/uploads\/2026\/03\/Cecilia-Aguirre-Celiz-300x139.jpeg 300w, https:\/\/radio.fcejs.unsl.edu.ar\/wp-content\/uploads\/2026\/03\/Cecilia-Aguirre-Celiz-1024x473.jpeg 1024w, https:\/\/radio.fcejs.unsl.edu.ar\/wp-content\/uploads\/2026\/03\/Cecilia-Aguirre-Celiz-768x355.jpeg 768w, https:\/\/radio.fcejs.unsl.edu.ar\/wp-content\/uploads\/2026\/03\/Cecilia-Aguirre-Celiz-1536x709.jpeg 1536w, https:\/\/radio.fcejs.unsl.edu.ar\/wp-content\/uploads\/2026\/03\/Cecilia-Aguirre-Celiz-2048x946.jpeg 2048w\" sizes=\"(max-width: 2560px) 100vw, 2560px\" \/>\t\t\t\t\t\t<\/div>\n\t\t\t\t\t\t\t\t\t\t\t\t\t<div class=\"premium-blog-thumbnail-overlay\">\n\t\t\t\t\t\t\t\t<a class=\"elementor-icon\" href=\"https:\/\/radio.fcejs.unsl.edu.ar\/index.php\/de-la-pizarra-a-la-pantalla-el-taller-donde-cada-docente-disena-su-propia-revolucion-digital\/\" target=\"_self\"><\/a>\n\t\t\t\t\t\t\t<\/div>\n\n\t\t\t\t\t\t\t\t\t\t\t\t\t\t\t\t\t\t<\/div>\n\t\t\t\t\t\t\t\t\t\t\t\t<div class=\"premium-blog-content-wrapper \">\n\n\t\t\t\t\t<div class=\"premium-blog-inner-container\">\n\n\t\t\t\t\t\t\t\t\t\t\t\t\t\t<h2 class=\"premium-blog-entry-title\">\n\t\t\t<a href=\"https:\/\/radio.fcejs.unsl.edu.ar\/index.php\/de-la-pizarra-a-la-pantalla-el-taller-donde-cada-docente-disena-su-propia-revolucion-digital\/\" target=\"_self\">\n\t\t\t\tDe la Pizarra a la Pantalla: El taller donde cada docente dise\u00f1a su propia revoluci\u00f3n digital\t\t\t<\/a>\n\t\t<\/h2>\n\t\t\t\t<div class=\"premium-blog-entry-meta\">\n\t\t\t\n\t\t\t\n\t\t\t\n\t\t\t\t\t<\/div>\n\t\t\n\t\t\t\t\t<\/div>\n\n\t\t\t\t\t\t\t\t\t\t\n\t\t\t\t<\/div>\n\t\t\t<\/div>\n\t\t<\/div>\n\n\t\t\t\t<div class=\"premium-blog-post-outer-container\" data-total=\"24\">\n\t\t\t<div class=\"premium-blog-post-container premium-blog-skin-classic\">\n\t\t\t\t\t\t\t\t\t<div class=\"premium-blog-thumb-effect-wrapper\">\n\t\t\t\t\t\t<div class=\"premium-blog-thumbnail-container premium-blog-zoomin-effect\">\n\t\t\t\t\t\t\t<img loading=\"lazy\" decoding=\"async\" width=\"1536\" height=\"1022\" src=\"https:\/\/radio.fcejs.unsl.edu.ar\/wp-content\/uploads\/2026\/03\/WhatsApp-Image-2026-03-20-at-10.25.49-1536x1022-1.jpeg\" class=\"attachment-full size-full wp-image-3885\" alt=\"\" srcset=\"https:\/\/radio.fcejs.unsl.edu.ar\/wp-content\/uploads\/2026\/03\/WhatsApp-Image-2026-03-20-at-10.25.49-1536x1022-1.jpeg 1536w, https:\/\/radio.fcejs.unsl.edu.ar\/wp-content\/uploads\/2026\/03\/WhatsApp-Image-2026-03-20-at-10.25.49-1536x1022-1-300x200.jpeg 300w, https:\/\/radio.fcejs.unsl.edu.ar\/wp-content\/uploads\/2026\/03\/WhatsApp-Image-2026-03-20-at-10.25.49-1536x1022-1-1024x681.jpeg 1024w, https:\/\/radio.fcejs.unsl.edu.ar\/wp-content\/uploads\/2026\/03\/WhatsApp-Image-2026-03-20-at-10.25.49-1536x1022-1-768x511.jpeg 768w\" sizes=\"(max-width: 1536px) 100vw, 1536px\" \/>\t\t\t\t\t\t<\/div>\n\t\t\t\t\t\t\t\t\t\t\t\t\t<div class=\"premium-blog-thumbnail-overlay\">\n\t\t\t\t\t\t\t\t<a class=\"elementor-icon\" href=\"https:\/\/radio.fcejs.unsl.edu.ar\/index.php\/entregaron-computadoras-a-estudiantes-de-seguridad-publica-es-una-apuesta-a-profesionalizar-nuestras-fuerzas\/\" target=\"_self\"><\/a>\n\t\t\t\t\t\t\t<\/div>\n\n\t\t\t\t\t\t\t\t\t\t\t\t\t\t\t\t\t\t<\/div>\n\t\t\t\t\t\t\t\t\t\t\t\t<div class=\"premium-blog-content-wrapper \">\n\n\t\t\t\t\t<div class=\"premium-blog-inner-container\">\n\n\t\t\t\t\t\t\t\t\t\t\t\t\t\t<h2 class=\"premium-blog-entry-title\">\n\t\t\t<a href=\"https:\/\/radio.fcejs.unsl.edu.ar\/index.php\/entregaron-computadoras-a-estudiantes-de-seguridad-publica-es-una-apuesta-a-profesionalizar-nuestras-fuerzas\/\" target=\"_self\">\n\t\t\t\tEntregaron computadoras a estudiantes de Seguridad P\u00fablica: \u201cEs una apuesta a profesionalizar nuestras fuerzas\u201d\t\t\t<\/a>\n\t\t<\/h2>\n\t\t\t\t<div class=\"premium-blog-entry-meta\">\n\t\t\t\n\t\t\t\n\t\t\t\n\t\t\t\t\t<\/div>\n\t\t\n\t\t\t\t\t<\/div>\n\n\t\t\t\t\t\t\t\t\t\t\n\t\t\t\t<\/div>\n\t\t\t<\/div>\n\t\t<\/div>\n\n\t\t\t\t<div class=\"premium-blog-post-outer-container\" data-total=\"24\">\n\t\t\t<div class=\"premium-blog-post-container premium-blog-skin-classic\">\n\t\t\t\t\t\t\t\t\t<div class=\"premium-blog-thumb-effect-wrapper\">\n\t\t\t\t\t\t<div class=\"premium-blog-thumbnail-container premium-blog-zoomin-effect\">\n\t\t\t\t\t\t\t<img loading=\"lazy\" decoding=\"async\" width=\"738\" height=\"530\" src=\"https:\/\/radio.fcejs.unsl.edu.ar\/wp-content\/uploads\/2026\/03\/WhatsApp-Image-2026-03-26-at-10.47.24.jpeg\" class=\"attachment-full size-full wp-image-3888\" alt=\"\" srcset=\"https:\/\/radio.fcejs.unsl.edu.ar\/wp-content\/uploads\/2026\/03\/WhatsApp-Image-2026-03-26-at-10.47.24.jpeg 738w, https:\/\/radio.fcejs.unsl.edu.ar\/wp-content\/uploads\/2026\/03\/WhatsApp-Image-2026-03-26-at-10.47.24-300x215.jpeg 300w\" sizes=\"(max-width: 738px) 100vw, 738px\" \/>\t\t\t\t\t\t<\/div>\n\t\t\t\t\t\t\t\t\t\t\t\t\t<div class=\"premium-blog-thumbnail-overlay\">\n\t\t\t\t\t\t\t\t<a class=\"elementor-icon\" href=\"https:\/\/radio.fcejs.unsl.edu.ar\/index.php\/alerta-por-el-cierre-de-la-sucursal-de-banco-supervielle-en-zona-estacion\/\" target=\"_self\"><\/a>\n\t\t\t\t\t\t\t<\/div>\n\n\t\t\t\t\t\t\t\t\t\t\t\t\t\t\t\t\t\t<\/div>\n\t\t\t\t\t\t\t\t\t\t\t\t<div class=\"premium-blog-content-wrapper \">\n\n\t\t\t\t\t<div class=\"premium-blog-inner-container\">\n\n\t\t\t\t\t\t\t\t\t\t\t\t\t\t<h2 class=\"premium-blog-entry-title\">\n\t\t\t<a href=\"https:\/\/radio.fcejs.unsl.edu.ar\/index.php\/alerta-por-el-cierre-de-la-sucursal-de-banco-supervielle-en-zona-estacion\/\" target=\"_self\">\n\t\t\t\tAlerta por el cierre de la sucursal de Banco Supervielle en zona Estaci\u00f3n\t\t\t<\/a>\n\t\t<\/h2>\n\t\t\t\t<div class=\"premium-blog-entry-meta\">\n\t\t\t\n\t\t\t\n\t\t\t\n\t\t\t\t\t<\/div>\n\t\t\n\t\t\t\t\t<\/div>\n\n\t\t\t\t\t\t\t\t\t\t\n\t\t\t\t<\/div>\n\t\t\t<\/div>\n\t\t<\/div>\n\n\t\t\t\t<div class=\"premium-blog-post-outer-container\" data-total=\"24\">\n\t\t\t<div class=\"premium-blog-post-container premium-blog-skin-classic\">\n\t\t\t\t\t\t\t\t\t<div class=\"premium-blog-thumb-effect-wrapper\">\n\t\t\t\t\t\t<div class=\"premium-blog-thumbnail-container premium-blog-zoomin-effect\">\n\t\t\t\t\t\t\t<img loading=\"lazy\" decoding=\"async\" width=\"1599\" height=\"1066\" src=\"https:\/\/radio.fcejs.unsl.edu.ar\/wp-content\/uploads\/2026\/03\/WhatsApp-Image-2026-03-26-at-09.33.43.jpeg\" class=\"attachment-full size-full wp-image-3891\" alt=\"\" srcset=\"https:\/\/radio.fcejs.unsl.edu.ar\/wp-content\/uploads\/2026\/03\/WhatsApp-Image-2026-03-26-at-09.33.43.jpeg 1599w, https:\/\/radio.fcejs.unsl.edu.ar\/wp-content\/uploads\/2026\/03\/WhatsApp-Image-2026-03-26-at-09.33.43-300x200.jpeg 300w, https:\/\/radio.fcejs.unsl.edu.ar\/wp-content\/uploads\/2026\/03\/WhatsApp-Image-2026-03-26-at-09.33.43-1024x683.jpeg 1024w, https:\/\/radio.fcejs.unsl.edu.ar\/wp-content\/uploads\/2026\/03\/WhatsApp-Image-2026-03-26-at-09.33.43-768x512.jpeg 768w, https:\/\/radio.fcejs.unsl.edu.ar\/wp-content\/uploads\/2026\/03\/WhatsApp-Image-2026-03-26-at-09.33.43-1536x1024.jpeg 1536w\" sizes=\"(max-width: 1599px) 100vw, 1599px\" \/>\t\t\t\t\t\t<\/div>\n\t\t\t\t\t\t\t\t\t\t\t\t\t<div class=\"premium-blog-thumbnail-overlay\">\n\t\t\t\t\t\t\t\t<a class=\"elementor-icon\" href=\"https:\/\/radio.fcejs.unsl.edu.ar\/index.php\/el-club-club-san-martin-de-villa-mercedes-celebro-obras-historicas-nuevo-piso-y-cancha-propia\/\" target=\"_self\"><\/a>\n\t\t\t\t\t\t\t<\/div>\n\n\t\t\t\t\t\t\t\t\t\t\t\t\t\t\t\t\t\t<\/div>\n\t\t\t\t\t\t\t\t\t\t\t\t<div class=\"premium-blog-content-wrapper \">\n\n\t\t\t\t\t<div class=\"premium-blog-inner-container\">\n\n\t\t\t\t\t\t\t\t\t\t\t\t\t\t<h2 class=\"premium-blog-entry-title\">\n\t\t\t<a href=\"https:\/\/radio.fcejs.unsl.edu.ar\/index.php\/el-club-club-san-martin-de-villa-mercedes-celebro-obras-historicas-nuevo-piso-y-cancha-propia\/\" target=\"_self\">\n\t\t\t\tEl Club Club San Mart\u00edn de Villa Mercedes celebr\u00f3 obras hist\u00f3ricas: nuevo piso y cancha propia\t\t\t<\/a>\n\t\t<\/h2>\n\t\t\t\t<div class=\"premium-blog-entry-meta\">\n\t\t\t\n\t\t\t\n\t\t\t\n\t\t\t\t\t<\/div>\n\t\t\n\t\t\t\t\t<\/div>\n\n\t\t\t\t\t\t\t\t\t\t\n\t\t\t\t<\/div>\n\t\t\t<\/div>\n\t\t<\/div>\n\n\t\t\t\t<div class=\"premium-blog-post-outer-container\" data-total=\"24\">\n\t\t\t<div class=\"premium-blog-post-container premium-blog-skin-classic\">\n\t\t\t\t\t\t\t\t\t<div class=\"premium-blog-thumb-effect-wrapper\">\n\t\t\t\t\t\t<div class=\"premium-blog-thumbnail-container premium-blog-zoomin-effect\">\n\t\t\t\t\t\t\t<img loading=\"lazy\" decoding=\"async\" width=\"2560\" height=\"1182\" src=\"https:\/\/radio.fcejs.unsl.edu.ar\/wp-content\/uploads\/2026\/03\/Decano-Serra-Federico-2-scaled.jpeg\" class=\"attachment-full size-full wp-image-3881\" alt=\"\" srcset=\"https:\/\/radio.fcejs.unsl.edu.ar\/wp-content\/uploads\/2026\/03\/Decano-Serra-Federico-2-scaled.jpeg 2560w, https:\/\/radio.fcejs.unsl.edu.ar\/wp-content\/uploads\/2026\/03\/Decano-Serra-Federico-2-300x139.jpeg 300w, https:\/\/radio.fcejs.unsl.edu.ar\/wp-content\/uploads\/2026\/03\/Decano-Serra-Federico-2-1024x473.jpeg 1024w, https:\/\/radio.fcejs.unsl.edu.ar\/wp-content\/uploads\/2026\/03\/Decano-Serra-Federico-2-768x355.jpeg 768w, https:\/\/radio.fcejs.unsl.edu.ar\/wp-content\/uploads\/2026\/03\/Decano-Serra-Federico-2-1536x709.jpeg 1536w, https:\/\/radio.fcejs.unsl.edu.ar\/wp-content\/uploads\/2026\/03\/Decano-Serra-Federico-2-2048x946.jpeg 2048w\" sizes=\"(max-width: 2560px) 100vw, 2560px\" \/>\t\t\t\t\t\t<\/div>\n\t\t\t\t\t\t\t\t\t\t\t\t\t<div class=\"premium-blog-thumbnail-overlay\">\n\t\t\t\t\t\t\t\t<a class=\"elementor-icon\" href=\"https:\/\/radio.fcejs.unsl.edu.ar\/index.php\/hito-historico-la-unsl-sella-una-alianza-estrategica-con-la-universidad-politecnica-de-cataluna\/\" target=\"_self\"><\/a>\n\t\t\t\t\t\t\t<\/div>\n\n\t\t\t\t\t\t\t\t\t\t\t\t\t\t\t\t\t\t<\/div>\n\t\t\t\t\t\t\t\t\t\t\t\t<div class=\"premium-blog-content-wrapper \">\n\n\t\t\t\t\t<div class=\"premium-blog-inner-container\">\n\n\t\t\t\t\t\t\t\t\t\t\t\t\t\t<h2 class=\"premium-blog-entry-title\">\n\t\t\t<a href=\"https:\/\/radio.fcejs.unsl.edu.ar\/index.php\/hito-historico-la-unsl-sella-una-alianza-estrategica-con-la-universidad-politecnica-de-cataluna\/\" target=\"_self\">\n\t\t\t\tHito Hist\u00f3rico: La UNSL sella una alianza estrat\u00e9gica con la Universidad Polit\u00e9cnica de Catalu\u00f1a\t\t\t<\/a>\n\t\t<\/h2>\n\t\t\t\t<div class=\"premium-blog-entry-meta\">\n\t\t\t\n\t\t\t\n\t\t\t\n\t\t\t\t\t<\/div>\n\t\t\n\t\t\t\t\t<\/div>\n\n\t\t\t\t\t\t\t\t\t\t\n\t\t\t\t<\/div>\n\t\t\t<\/div>\n\t\t<\/div>\n\n\t\t\t\t\t\t\t<\/div>\n\n\t\t\n\t\t\n\t\t\t\t\t\t<\/div>\n\t\t\t\t<\/div>\n\t\t\t\t\t<\/div>\n\t\t<\/div>\n\t\t\t\t<div class=\"elementor-column elementor-col-50 elementor-top-column elementor-element elementor-element-d8b55b2 sticky-parent\" data-id=\"d8b55b2\" data-element_type=\"column\" data-e-type=\"column\">\n\t\t\t<div class=\"elementor-widget-wrap elementor-element-populated\">\n\t\t\t\t\t\t<section class=\"elementor-section elementor-inner-section elementor-element elementor-element-0f5cb92 sticky-column elementor-section-boxed elementor-section-height-default elementor-section-height-default\" data-id=\"0f5cb92\" data-element_type=\"section\" data-e-type=\"section\">\n\t\t\t\t\t\t<div class=\"elementor-container elementor-column-gap-default\">\n\t\t\t\t\t<div class=\"elementor-column elementor-col-100 elementor-inner-column elementor-element elementor-element-4b91b25\" data-id=\"4b91b25\" data-element_type=\"column\" data-e-type=\"column\">\n\t\t\t<div class=\"elementor-widget-wrap elementor-element-populated\">\n\t\t\t\t\t\t<div class=\"elementor-element elementor-element-ab99480 hfe-search-layout-icon_text elementor-widget elementor-widget-hfe-search-button\" data-id=\"ab99480\" data-element_type=\"widget\" data-e-type=\"widget\" data-settings=\"{&quot;size&quot;:{&quot;unit&quot;:&quot;px&quot;,&quot;size&quot;:44,&quot;sizes&quot;:[]},&quot;size_tablet&quot;:{&quot;unit&quot;:&quot;px&quot;,&quot;size&quot;:&quot;&quot;,&quot;sizes&quot;:[]},&quot;size_mobile&quot;:{&quot;unit&quot;:&quot;px&quot;,&quot;size&quot;:&quot;&quot;,&quot;sizes&quot;:[]},&quot;icon_size&quot;:{&quot;unit&quot;:&quot;px&quot;,&quot;size&quot;:&quot;16&quot;,&quot;sizes&quot;:[]},&quot;icon_size_tablet&quot;:{&quot;unit&quot;:&quot;px&quot;,&quot;size&quot;:&quot;&quot;,&quot;sizes&quot;:[]},&quot;icon_size_mobile&quot;:{&quot;unit&quot;:&quot;px&quot;,&quot;size&quot;:&quot;&quot;,&quot;sizes&quot;:[]},&quot;button_width&quot;:{&quot;unit&quot;:&quot;px&quot;,&quot;size&quot;:&quot;&quot;,&quot;sizes&quot;:[]},&quot;button_width_tablet&quot;:{&quot;unit&quot;:&quot;px&quot;,&quot;size&quot;:&quot;&quot;,&quot;sizes&quot;:[]},&quot;button_width_mobile&quot;:{&quot;unit&quot;:&quot;px&quot;,&quot;size&quot;:&quot;&quot;,&quot;sizes&quot;:[]},&quot;close_icon_size&quot;:{&quot;unit&quot;:&quot;px&quot;,&quot;size&quot;:&quot;20&quot;,&quot;sizes&quot;:[]},&quot;close_icon_size_tablet&quot;:{&quot;unit&quot;:&quot;px&quot;,&quot;size&quot;:&quot;&quot;,&quot;sizes&quot;:[]},&quot;close_icon_size_mobile&quot;:{&quot;unit&quot;:&quot;px&quot;,&quot;size&quot;:&quot;&quot;,&quot;sizes&quot;:[]}}\" data-widget_type=\"hfe-search-button.default\">\n\t\t\t\t<div class=\"elementor-widget-container\">\n\t\t\t\t\t\t\t<form class=\"hfe-search-button-wrapper\" role=\"search\" action=\"https:\/\/radio.fcejs.unsl.edu.ar\/\" method=\"get\">\n\n\t\t\t\t\t\t<div class=\"hfe-search-form__container\" role=\"tablist\">\n\t\t\t\t\t\t\t\t\t<input placeholder=\"Buscar\" class=\"hfe-search-form__input\" type=\"search\" name=\"s\" title=\"Search\" value=\"\">\n\t\t\t\t\t<button id=\"clear-with-button\" type=\"reset\">\n\t\t\t\t\t\t<i class=\"fas fa-times\" aria-hidden=\"true\"><\/i>\n\t\t\t\t\t<\/button>\n\t\t\t\t\t<button class=\"hfe-search-submit\" type=\"submit\">\n\t\t\t\t\t\t<i class=\"fas fa-search\" aria-hidden=\"true\"><\/i>\n\t\t\t\t\t<\/button>\n\t\t\t\t\t\t\t<\/div>\n\t\t\t\t<\/form>\n\t\t\t\t\t\t<\/div>\n\t\t\t\t<\/div>\n\t\t\t\t\t<\/div>\n\t\t<\/div>\n\t\t\t\t\t<\/div>\n\t\t<\/section>\n\t\t\t\t\t<\/div>\n\t\t<\/div>\n\t\t\t\t\t<\/div>\n\t\t<\/section>\n\t\t\t\t<\/div>\n\t\t","protected":false},"excerpt":{"rendered":"<p>Entrevistas Jos\u00e9 Barboza dictara un \u201cCurso\/entrenamiento de Oratoria\u201d Jos\u00e9 Barboza dictara un \u201cCurso\/entrenamiento de Oratoria\u201d Jos\u00e9 Barboza es Licenciado en Administraci\u00f3n egresado de la FCESJ&#8211; UNSL, especializado en el desarrollo del liderazgo, oratoria y desarrollo de equipos. En una comunicaci\u00f3n telef\u00f3nica con Radio UNSL-VM, nos cuenta acerca del \u201cCurso\/entrenamiento de Oratoria\u201d, que dictar\u00e1 en el&#8230;<\/p>\n","protected":false},"author":3,"featured_media":1459,"parent":0,"menu_order":0,"comment_status":"closed","ping_status":"closed","template":"elementor_header_footer","meta":{"_kad_post_transparent":"","_kad_post_title":"","_kad_post_layout":"","_kad_post_sidebar_id":"","_kad_post_content_style":"","_kad_post_vertical_padding":"","_kad_post_feature":"","_kad_post_feature_position":"","_kad_post_header":false,"_kad_post_footer":false,"_kad_post_classname":"","footnotes":""},"class_list":["post-1590","page","type-page","status-publish","has-post-thumbnail","hentry"],"yoast_head":"<!-- This site is optimized with the Yoast SEO plugin v27.2 - https:\/\/yoast.com\/product\/yoast-seo-wordpress\/ -->\n<title>Entrevistas - Radio Universidad Villa Mercedes 97.5 | UNSL<\/title>\n<meta name=\"robots\" content=\"index, follow, max-snippet:-1, max-image-preview:large, max-video-preview:-1\" \/>\n<link rel=\"canonical\" href=\"https:\/\/radio.fcejs.unsl.edu.ar\/index.php\/entrevistas\/\" \/>\n<meta property=\"og:locale\" content=\"es_ES\" \/>\n<meta property=\"og:type\" content=\"article\" \/>\n<meta property=\"og:title\" content=\"Entrevistas - Radio Universidad Villa Mercedes 97.5 | UNSL\" \/>\n<meta property=\"og:description\" content=\"Entrevistas Jos\u00e9 Barboza dictara un \u201cCurso\/entrenamiento de Oratoria\u201d Jos\u00e9 Barboza dictara un \u201cCurso\/entrenamiento de Oratoria\u201d Jos\u00e9 Barboza es Licenciado en Administraci\u00f3n egresado de la FCESJ&#8211; UNSL, especializado en el desarrollo del liderazgo, oratoria y desarrollo de equipos. En una comunicaci\u00f3n telef\u00f3nica con Radio UNSL-VM, nos cuenta acerca del \u201cCurso\/entrenamiento de Oratoria\u201d, que dictar\u00e1 en el...\" \/>\n<meta property=\"og:url\" content=\"https:\/\/radio.fcejs.unsl.edu.ar\/index.php\/entrevistas\/\" \/>\n<meta property=\"og:site_name\" content=\"Radio Universidad Villa Mercedes 97.5 | UNSL\" \/>\n<meta property=\"article:modified_time\" content=\"2025-02-20T13:51:59+00:00\" \/>\n<meta property=\"og:image\" content=\"https:\/\/radio.fcejs.unsl.edu.ar\/wp-content\/uploads\/2024\/02\/entrevistas-icono.png\" \/>\n\t<meta property=\"og:image:width\" content=\"58\" \/>\n\t<meta property=\"og:image:height\" content=\"50\" \/>\n\t<meta property=\"og:image:type\" content=\"image\/png\" \/>\n<meta name=\"twitter:card\" content=\"summary_large_image\" \/>\n<meta name=\"twitter:label1\" content=\"Tiempo de lectura\" \/>\n\t<meta name=\"twitter:data1\" content=\"2 minutos\" \/>\n<script type=\"application\/ld+json\" class=\"yoast-schema-graph\">{\"@context\":\"https:\/\/schema.org\",\"@graph\":[{\"@type\":\"WebPage\",\"@id\":\"https:\/\/radio.fcejs.unsl.edu.ar\/index.php\/entrevistas\/\",\"url\":\"https:\/\/radio.fcejs.unsl.edu.ar\/index.php\/entrevistas\/\",\"name\":\"Entrevistas - Radio Universidad Villa Mercedes 97.5 | UNSL\",\"isPartOf\":{\"@id\":\"https:\/\/radio.fcejs.unsl.edu.ar\/#website\"},\"primaryImageOfPage\":{\"@id\":\"https:\/\/radio.fcejs.unsl.edu.ar\/index.php\/entrevistas\/#primaryimage\"},\"image\":{\"@id\":\"https:\/\/radio.fcejs.unsl.edu.ar\/index.php\/entrevistas\/#primaryimage\"},\"thumbnailUrl\":\"https:\/\/radio.fcejs.unsl.edu.ar\/wp-content\/uploads\/2024\/02\/entrevistas-icono.png\",\"datePublished\":\"2024-02-29T13:44:36+00:00\",\"dateModified\":\"2025-02-20T13:51:59+00:00\",\"breadcrumb\":{\"@id\":\"https:\/\/radio.fcejs.unsl.edu.ar\/index.php\/entrevistas\/#breadcrumb\"},\"inLanguage\":\"es-AR\",\"potentialAction\":[{\"@type\":\"ReadAction\",\"target\":[\"https:\/\/radio.fcejs.unsl.edu.ar\/index.php\/entrevistas\/\"]}]},{\"@type\":\"ImageObject\",\"inLanguage\":\"es-AR\",\"@id\":\"https:\/\/radio.fcejs.unsl.edu.ar\/index.php\/entrevistas\/#primaryimage\",\"url\":\"https:\/\/radio.fcejs.unsl.edu.ar\/wp-content\/uploads\/2024\/02\/entrevistas-icono.png\",\"contentUrl\":\"https:\/\/radio.fcejs.unsl.edu.ar\/wp-content\/uploads\/2024\/02\/entrevistas-icono.png\",\"width\":58,\"height\":50},{\"@type\":\"BreadcrumbList\",\"@id\":\"https:\/\/radio.fcejs.unsl.edu.ar\/index.php\/entrevistas\/#breadcrumb\",\"itemListElement\":[{\"@type\":\"ListItem\",\"position\":1,\"name\":\"Inicio\",\"item\":\"https:\/\/radio.fcejs.unsl.edu.ar\/\"},{\"@type\":\"ListItem\",\"position\":2,\"name\":\"Entrevistas\"}]},{\"@type\":\"WebSite\",\"@id\":\"https:\/\/radio.fcejs.unsl.edu.ar\/#website\",\"url\":\"https:\/\/radio.fcejs.unsl.edu.ar\/\",\"name\":\"Radio Universidad Villa Mercedes 97.5 | UNSL\",\"description\":\"UNSL\",\"publisher\":{\"@id\":\"https:\/\/radio.fcejs.unsl.edu.ar\/#organization\"},\"potentialAction\":[{\"@type\":\"SearchAction\",\"target\":{\"@type\":\"EntryPoint\",\"urlTemplate\":\"https:\/\/radio.fcejs.unsl.edu.ar\/?s={search_term_string}\"},\"query-input\":{\"@type\":\"PropertyValueSpecification\",\"valueRequired\":true,\"valueName\":\"search_term_string\"}}],\"inLanguage\":\"es-AR\"},{\"@type\":\"Organization\",\"@id\":\"https:\/\/radio.fcejs.unsl.edu.ar\/#organization\",\"name\":\"Radio Universidad Villa Mercedes 97.5 | UNSL\",\"url\":\"https:\/\/radio.fcejs.unsl.edu.ar\/\",\"logo\":{\"@type\":\"ImageObject\",\"inLanguage\":\"es-AR\",\"@id\":\"https:\/\/radio.fcejs.unsl.edu.ar\/#\/schema\/logo\/image\/\",\"url\":\"https:\/\/radio.fcejs.unsl.edu.ar\/wp-content\/uploads\/2023\/12\/cropped-radio-villa-mercedes-97-5.png\",\"contentUrl\":\"https:\/\/radio.fcejs.unsl.edu.ar\/wp-content\/uploads\/2023\/12\/cropped-radio-villa-mercedes-97-5.png\",\"width\":908,\"height\":289,\"caption\":\"Radio Universidad Villa Mercedes 97.5 | UNSL\"},\"image\":{\"@id\":\"https:\/\/radio.fcejs.unsl.edu.ar\/#\/schema\/logo\/image\/\"}}]}<\/script>\n<!-- \/ Yoast SEO plugin. -->","yoast_head_json":{"title":"Entrevistas - Radio Universidad Villa Mercedes 97.5 | UNSL","robots":{"index":"index","follow":"follow","max-snippet":"max-snippet:-1","max-image-preview":"max-image-preview:large","max-video-preview":"max-video-preview:-1"},"canonical":"https:\/\/radio.fcejs.unsl.edu.ar\/index.php\/entrevistas\/","og_locale":"es_ES","og_type":"article","og_title":"Entrevistas - Radio Universidad Villa Mercedes 97.5 | UNSL","og_description":"Entrevistas Jos\u00e9 Barboza dictara un \u201cCurso\/entrenamiento de Oratoria\u201d Jos\u00e9 Barboza dictara un \u201cCurso\/entrenamiento de Oratoria\u201d Jos\u00e9 Barboza es Licenciado en Administraci\u00f3n egresado de la FCESJ&#8211; UNSL, especializado en el desarrollo del liderazgo, oratoria y desarrollo de equipos. En una comunicaci\u00f3n telef\u00f3nica con Radio UNSL-VM, nos cuenta acerca del \u201cCurso\/entrenamiento de Oratoria\u201d, que dictar\u00e1 en el...","og_url":"https:\/\/radio.fcejs.unsl.edu.ar\/index.php\/entrevistas\/","og_site_name":"Radio Universidad Villa Mercedes 97.5 | UNSL","article_modified_time":"2025-02-20T13:51:59+00:00","og_image":[{"width":58,"height":50,"url":"https:\/\/radio.fcejs.unsl.edu.ar\/wp-content\/uploads\/2024\/02\/entrevistas-icono.png","type":"image\/png"}],"twitter_card":"summary_large_image","twitter_misc":{"Tiempo de lectura":"2 minutos"},"schema":{"@context":"https:\/\/schema.org","@graph":[{"@type":"WebPage","@id":"https:\/\/radio.fcejs.unsl.edu.ar\/index.php\/entrevistas\/","url":"https:\/\/radio.fcejs.unsl.edu.ar\/index.php\/entrevistas\/","name":"Entrevistas - Radio Universidad Villa Mercedes 97.5 | UNSL","isPartOf":{"@id":"https:\/\/radio.fcejs.unsl.edu.ar\/#website"},"primaryImageOfPage":{"@id":"https:\/\/radio.fcejs.unsl.edu.ar\/index.php\/entrevistas\/#primaryimage"},"image":{"@id":"https:\/\/radio.fcejs.unsl.edu.ar\/index.php\/entrevistas\/#primaryimage"},"thumbnailUrl":"https:\/\/radio.fcejs.unsl.edu.ar\/wp-content\/uploads\/2024\/02\/entrevistas-icono.png","datePublished":"2024-02-29T13:44:36+00:00","dateModified":"2025-02-20T13:51:59+00:00","breadcrumb":{"@id":"https:\/\/radio.fcejs.unsl.edu.ar\/index.php\/entrevistas\/#breadcrumb"},"inLanguage":"es-AR","potentialAction":[{"@type":"ReadAction","target":["https:\/\/radio.fcejs.unsl.edu.ar\/index.php\/entrevistas\/"]}]},{"@type":"ImageObject","inLanguage":"es-AR","@id":"https:\/\/radio.fcejs.unsl.edu.ar\/index.php\/entrevistas\/#primaryimage","url":"https:\/\/radio.fcejs.unsl.edu.ar\/wp-content\/uploads\/2024\/02\/entrevistas-icono.png","contentUrl":"https:\/\/radio.fcejs.unsl.edu.ar\/wp-content\/uploads\/2024\/02\/entrevistas-icono.png","width":58,"height":50},{"@type":"BreadcrumbList","@id":"https:\/\/radio.fcejs.unsl.edu.ar\/index.php\/entrevistas\/#breadcrumb","itemListElement":[{"@type":"ListItem","position":1,"name":"Inicio","item":"https:\/\/radio.fcejs.unsl.edu.ar\/"},{"@type":"ListItem","position":2,"name":"Entrevistas"}]},{"@type":"WebSite","@id":"https:\/\/radio.fcejs.unsl.edu.ar\/#website","url":"https:\/\/radio.fcejs.unsl.edu.ar\/","name":"Radio Universidad Villa Mercedes 97.5 | UNSL","description":"UNSL","publisher":{"@id":"https:\/\/radio.fcejs.unsl.edu.ar\/#organization"},"potentialAction":[{"@type":"SearchAction","target":{"@type":"EntryPoint","urlTemplate":"https:\/\/radio.fcejs.unsl.edu.ar\/?s={search_term_string}"},"query-input":{"@type":"PropertyValueSpecification","valueRequired":true,"valueName":"search_term_string"}}],"inLanguage":"es-AR"},{"@type":"Organization","@id":"https:\/\/radio.fcejs.unsl.edu.ar\/#organization","name":"Radio Universidad Villa Mercedes 97.5 | UNSL","url":"https:\/\/radio.fcejs.unsl.edu.ar\/","logo":{"@type":"ImageObject","inLanguage":"es-AR","@id":"https:\/\/radio.fcejs.unsl.edu.ar\/#\/schema\/logo\/image\/","url":"https:\/\/radio.fcejs.unsl.edu.ar\/wp-content\/uploads\/2023\/12\/cropped-radio-villa-mercedes-97-5.png","contentUrl":"https:\/\/radio.fcejs.unsl.edu.ar\/wp-content\/uploads\/2023\/12\/cropped-radio-villa-mercedes-97-5.png","width":908,"height":289,"caption":"Radio Universidad Villa Mercedes 97.5 | UNSL"},"image":{"@id":"https:\/\/radio.fcejs.unsl.edu.ar\/#\/schema\/logo\/image\/"}}]}},"_links":{"self":[{"href":"https:\/\/radio.fcejs.unsl.edu.ar\/index.php\/wp-json\/wp\/v2\/pages\/1590","targetHints":{"allow":["GET"]}}],"collection":[{"href":"https:\/\/radio.fcejs.unsl.edu.ar\/index.php\/wp-json\/wp\/v2\/pages"}],"about":[{"href":"https:\/\/radio.fcejs.unsl.edu.ar\/index.php\/wp-json\/wp\/v2\/types\/page"}],"author":[{"embeddable":true,"href":"https:\/\/radio.fcejs.unsl.edu.ar\/index.php\/wp-json\/wp\/v2\/users\/3"}],"replies":[{"embeddable":true,"href":"https:\/\/radio.fcejs.unsl.edu.ar\/index.php\/wp-json\/wp\/v2\/comments?post=1590"}],"version-history":[{"count":25,"href":"https:\/\/radio.fcejs.unsl.edu.ar\/index.php\/wp-json\/wp\/v2\/pages\/1590\/revisions"}],"predecessor-version":[{"id":2686,"href":"https:\/\/radio.fcejs.unsl.edu.ar\/index.php\/wp-json\/wp\/v2\/pages\/1590\/revisions\/2686"}],"wp:featuredmedia":[{"embeddable":true,"href":"https:\/\/radio.fcejs.unsl.edu.ar\/index.php\/wp-json\/wp\/v2\/media\/1459"}],"wp:attachment":[{"href":"https:\/\/radio.fcejs.unsl.edu.ar\/index.php\/wp-json\/wp\/v2\/media?parent=1590"}],"curies":[{"name":"wp","href":"https:\/\/api.w.org\/{rel}","templated":true}]}}